{"id":58387,"date":"2025-03-26T16:34:45","date_gmt":"2025-03-26T16:34:46","guid":{"rendered":"https:\/\/www.rebeleast.com\/?post_type=product&#038;p=58387"},"modified":"2025-11-29T19:12:15","modified_gmt":"2025-11-29T19:12:15","slug":"rebel-swing-black","status":"publish","type":"product","link":"https:\/\/www.rebeleast.com\/pl\/produkt\/rebel-swing-black\/","title":{"rendered":"Rebel Swing Black"},"content":{"rendered":"","protected":false},"excerpt":{"rendered":"<p><strong>REBEL SWING BLACK<\/strong> to produkt, kt\u00f3ry maksymalnie u\u0142atwi Twoj\u0105 prac\u0119 z jednym aparatem. Od teraz aparat b\u0119dzie ci\u0105gle pod Twoj\u0105 r\u0119k\u0105 (dos\u0142ownie). U\u017cywaj go tak cz\u0119sto jak chcesz i szybciej ni\u017c kiedykolwiek.\u2028 Nasz system pozwala na szybkie przesuwanie aparatu w g\u00f3r\u0119\/w d\u00f3\u0142 na podw\u00f3jnie zabezpieczonym pasku z szekl\u0105 (dodatkowo zabezpieczonym smyczk\u0105 bezpiecze\u0144stwa).\u2028 Sprawdzone rozwi\u0105zania (najlepszej jako\u015bci sk\u00f3ra naturalna, obustronnie p\u0142askie nity oraz niezawodna szekla) wraz z klasycznym designem gwarantuj\u0105 wytrzyma\u0142o\u015b\u0107 i praktyczno\u015b\u0107.\u2028\u2028 Ka\u017cdy pasek Rebel Swing jest kompletny i zawiera bezpo\u015brednie mocowanie do aparatu (jedna ocynkowana \u015bruba fotograficzna 1\/4 cala z uchem i silikonow\u0105 podk\u0142adk\u0105) oraz jedna smyczka dodatkowo zabezpieczaj\u0105ca aparat. Smyczka bezpiecze\u0144stwa powinna by\u0107 ZAWSZE poprawnie zamocowana (wpi\u0119ta z jednej strony do metalowego D-ringa a z drugiej strony zapi\u0119te w korpusie aparatu) w trakcie pracy w szelkach. Instrukcj\u0119 mocowania smyczki bezpiecze\u0144stwa znajdziesz na naszej stronie.<\/p>\n<p>Produkt wyst\u0119puje w dw\u00f3ch rozmiarach: Regular i Large. Dodatkowo produkt pozwala na modyfikacj\u0119 d\u0142ugo\u015bci paska. Ka\u017cdy zestaw Rebel Swing wykonywany jest r\u0119cznie z dba\u0142o\u015bci\u0105 o najmniejszy detal.<\/p>\n<p>Wszystkie produkty Rebel East wykonywane s\u0105 w Polsce.<\/p>\n<p>Szeroko\u015b\u0107 paska Rebel Swing: 29mm.<\/p>\n","protected":false},"featured_media":58396,"template":"","meta":[],"product_cat":[181],"product_tag":[146],"yoast_head":"<!-- This site is optimized with the Yoast SEO plugin v16.3 - https:\/\/yoast.com\/wordpress\/plugins\/seo\/ -->\n<title>Rebel Swing Black - Rebel East<\/title>\n<meta name=\"robots\" content=\"index, follow, max-snippet:-1, max-image-preview:large, max-video-preview:-1\" \/>\n<link rel=\"canonical\" href=\"https:\/\/www.rebeleast.com\/pl\/produkt\/rebel-swing-black\/\" \/>\n<meta property=\"og:locale\" content=\"pl_PL\" \/>\n<meta property=\"og:type\" content=\"article\" \/>\n<meta property=\"og:title\" content=\"Rebel Swing Black - Rebel East\" \/>\n<meta property=\"og:description\" content=\"REBEL SWING BLACK to produkt, kt\u00f3ry maksymalnie u\u0142atwi Twoj\u0105 prac\u0119 z jednym aparatem. Od teraz aparat b\u0119dzie ci\u0105gle pod Twoj\u0105 r\u0119k\u0105 (dos\u0142ownie). U\u017cywaj go tak cz\u0119sto jak chcesz i szybciej ni\u017c kiedykolwiek.\u2028 Nasz system pozwala na szybkie przesuwanie aparatu w g\u00f3r\u0119\/w d\u00f3\u0142 na podw\u00f3jnie zabezpieczonym pasku z szekl\u0105 (dodatkowo zabezpieczonym smyczk\u0105 bezpiecze\u0144stwa).\u2028 Sprawdzone rozwi\u0105zania (najlepszej jako\u015bci sk\u00f3ra naturalna, obustronnie p\u0142askie nity oraz niezawodna szekla) wraz z klasycznym designem gwarantuj\u0105 wytrzyma\u0142o\u015b\u0107 i praktyczno\u015b\u0107.\u2028\u2028 Ka\u017cdy pasek Rebel Swing jest kompletny i zawiera bezpo\u015brednie mocowanie do aparatu (jedna ocynkowana \u015bruba fotograficzna 1\/4 cala z uchem i silikonow\u0105 podk\u0142adk\u0105) oraz jedna smyczka dodatkowo zabezpieczaj\u0105ca aparat. Smyczka bezpiecze\u0144stwa powinna by\u0107 ZAWSZE poprawnie zamocowana (wpi\u0119ta z jednej strony do metalowego D-ringa a z drugiej strony zapi\u0119te w korpusie aparatu) w trakcie pracy w szelkach. Instrukcj\u0119 mocowania smyczki bezpiecze\u0144stwa znajdziesz na naszej stronie.  Produkt wyst\u0119puje w dw\u00f3ch rozmiarach: Regular i Large. Dodatkowo produkt pozwala na modyfikacj\u0119 d\u0142ugo\u015bci paska. Ka\u017cdy zestaw Rebel Swing wykonywany jest r\u0119cznie z dba\u0142o\u015bci\u0105 o najmniejszy detal.  Wszystkie produkty Rebel East wykonywane s\u0105 w Polsce.  Szeroko\u015b\u0107 paska Rebel Swing: 29mm.\" \/>\n<meta property=\"og:url\" content=\"https:\/\/www.rebeleast.com\/pl\/produkt\/rebel-swing-black\/\" \/>\n<meta property=\"og:site_name\" content=\"Rebel East\" \/>\n<meta property=\"article:modified_time\" content=\"2025-11-29T19:12:15+00:00\" \/>\n<meta property=\"og:image\" content=\"https:\/\/www.rebeleast.com\/wp-content\/uploads\/2025\/03\/rebel-swing-black-front-1.jpg\" \/>\n\t<meta property=\"og:image:width\" content=\"1100\" \/>\n\t<meta property=\"og:image:height\" content=\"818\" \/>\n<meta name=\"twitter:card\" content=\"summary_large_image\" \/>\n<script type=\"application\/ld+json\" class=\"yoast-schema-graph\">{\"@context\":\"https:\/\/schema.org\",\"@graph\":[{\"@type\":\"WebSite\",\"@id\":\"https:\/\/www.rebeleast.com\/#website\",\"url\":\"https:\/\/www.rebeleast.com\/\",\"name\":\"Rebel East\",\"description\":\"Photo gear for professional photographers\",\"potentialAction\":[{\"@type\":\"SearchAction\",\"target\":\"https:\/\/www.rebeleast.com\/?s={search_term_string}\",\"query-input\":\"required name=search_term_string\"}],\"inLanguage\":\"pl-PL\"},{\"@type\":\"ImageObject\",\"@id\":\"https:\/\/www.rebeleast.com\/pl\/produkt\/rebel-swing-black\/#primaryimage\",\"inLanguage\":\"pl-PL\",\"url\":\"https:\/\/www.rebeleast.com\/wp-content\/uploads\/2025\/03\/rebel-swing-black-front-1.jpg\",\"contentUrl\":\"https:\/\/www.rebeleast.com\/wp-content\/uploads\/2025\/03\/rebel-swing-black-front-1.jpg\",\"width\":1100,\"height\":818},{\"@type\":\"WebPage\",\"@id\":\"https:\/\/www.rebeleast.com\/pl\/produkt\/rebel-swing-black\/#webpage\",\"url\":\"https:\/\/www.rebeleast.com\/pl\/produkt\/rebel-swing-black\/\",\"name\":\"Rebel Swing Black - Rebel East\",\"isPartOf\":{\"@id\":\"https:\/\/www.rebeleast.com\/#website\"},\"primaryImageOfPage\":{\"@id\":\"https:\/\/www.rebeleast.com\/pl\/produkt\/rebel-swing-black\/#primaryimage\"},\"datePublished\":\"2025-03-26T16:34:46+00:00\",\"dateModified\":\"2025-11-29T19:12:15+00:00\",\"breadcrumb\":{\"@id\":\"https:\/\/www.rebeleast.com\/pl\/produkt\/rebel-swing-black\/#breadcrumb\"},\"inLanguage\":\"pl-PL\",\"potentialAction\":[{\"@type\":\"ReadAction\",\"target\":[\"https:\/\/www.rebeleast.com\/pl\/produkt\/rebel-swing-black\/\"]}]},{\"@type\":\"BreadcrumbList\",\"@id\":\"https:\/\/www.rebeleast.com\/pl\/produkt\/rebel-swing-black\/#breadcrumb\",\"itemListElement\":[{\"@type\":\"ListItem\",\"position\":1,\"item\":{\"@type\":\"WebPage\",\"@id\":\"https:\/\/www.rebeleast.com\/pl\/\",\"url\":\"https:\/\/www.rebeleast.com\/pl\/\",\"name\":\"Strona g\\u0142\\u00f3wna\"}},{\"@type\":\"ListItem\",\"position\":2,\"item\":{\"@type\":\"WebPage\",\"@id\":\"https:\/\/www.rebeleast.com\/pl\/shop\/\",\"url\":\"https:\/\/www.rebeleast.com\/pl\/shop\/\",\"name\":\"Sklep\"}},{\"@type\":\"ListItem\",\"position\":3,\"item\":{\"@id\":\"https:\/\/www.rebeleast.com\/pl\/produkt\/rebel-swing-black\/#webpage\"}}]}]}<\/script>\n<!-- \/ Yoast SEO plugin. -->","_links":{"self":[{"href":"https:\/\/www.rebeleast.com\/pl\/wp-json\/wp\/v2\/product\/58387"}],"collection":[{"href":"https:\/\/www.rebeleast.com\/pl\/wp-json\/wp\/v2\/product"}],"about":[{"href":"https:\/\/www.rebeleast.com\/pl\/wp-json\/wp\/v2\/types\/product"}],"wp:featuredmedia":[{"embeddable":true,"href":"https:\/\/www.rebeleast.com\/pl\/wp-json\/wp\/v2\/media\/58396"}],"wp:attachment":[{"href":"https:\/\/www.rebeleast.com\/pl\/wp-json\/wp\/v2\/media?parent=58387"}],"wp:term":[{"taxonomy":"product_cat","embeddable":true,"href":"https:\/\/www.rebeleast.com\/pl\/wp-json\/wp\/v2\/product_cat?post=58387"},{"taxonomy":"product_tag","embeddable":true,"href":"https:\/\/www.rebeleast.com\/pl\/wp-json\/wp\/v2\/product_tag?post=58387"}],"curies":[{"name":"wp","href":"https:\/\/api.w.org\/{rel}","templated":true}]}}